{"id":3037,"date":"2022-07-27T12:39:34","date_gmt":"2022-07-27T10:39:34","guid":{"rendered":"https:\/\/karriere.blackout.ch\/entreprise\/"},"modified":"2026-02-03T08:21:35","modified_gmt":"2026-02-03T07:21:35","slug":"entreprise","status":"publish","type":"page","link":"https:\/\/karriere.blackout.ch\/fr\/entreprise\/","title":{"rendered":"Entreprise"},"content":{"rendered":"\t\t<div data-elementor-type=\"wp-page\" data-elementor-id=\"3037\" class=\"elementor elementor-3037 elementor-140\" data-elementor-post-type=\"page\">\n\t\t\t\t<div class=\"elementor-element elementor-element-6c8abc5 e-con-full no_padding  e-flex e-con e-parent\" data-id=\"6c8abc5\" data-element_type=\"container\" data-e-type=\"container\">\n\t\t<div class=\"elementor-element elementor-element-0dedf04 e-con-full e-flex e-con e-child\" data-id=\"0dedf04\" data-element_type=\"container\" data-e-type=\"container\">\n\t\t\t\t<div class=\"elementor-element elementor-element-c50d2f4 elementor--h-position-center elementor--v-position-middle elementor-arrows-position-inside elementor-pagination-position-inside elementor-widget elementor-widget-slides\" data-id=\"c50d2f4\" data-element_type=\"widget\" data-e-type=\"widget\" data-settings=\"{&quot;navigation&quot;:&quot;both&quot;,&quot;autoplay&quot;:&quot;yes&quot;,&quot;pause_on_hover&quot;:&quot;yes&quot;,&quot;pause_on_interaction&quot;:&quot;yes&quot;,&quot;autoplay_speed&quot;:5000,&quot;infinite&quot;:&quot;yes&quot;,&quot;transition&quot;:&quot;slide&quot;,&quot;transition_speed&quot;:500}\" data-widget_type=\"slides.default\">\n\t\t\t\t<div class=\"elementor-widget-container\">\n\t\t\t\t\t\t\t\t\t<div class=\"elementor-swiper\">\n\t\t\t\t\t<div class=\"elementor-slides-wrapper elementor-main-swiper swiper\" role=\"region\" aria-roledescription=\"carousel\" aria-label=\"Slider\" dir=\"ltr\" data-animation=\"fadeInUp\">\n\t\t\t\t<div class=\"swiper-wrapper elementor-slides\">\n\t\t\t\t\t\t\t\t\t\t<div class=\"elementor-repeater-item-2eb2f58 swiper-slide\" role=\"group\" aria-roledescription=\"slide\"><div class=\"swiper-slide-bg\" role=\"img\" aria-label=\"Unternehmen-Banner\"><\/div><div class=\"swiper-slide-inner\" ><div class=\"swiper-slide-contents\"><\/div><\/div><\/div>\t\t\t\t<\/div>\n\t\t\t\t\t\t\t<\/div>\n\t\t\t\t<\/div>\n\t\t\t\t\t\t\t\t<\/div>\n\t\t\t\t<\/div>\n\t\t\t\t<\/div>\n\t\t\t\t<\/div>\n\t\t<div class=\"elementor-element elementor-element-bd6bfce e-con-full start_headline e-flex e-con e-parent\" data-id=\"bd6bfce\" data-element_type=\"container\" data-e-type=\"container\">\n\t\t<div class=\"elementor-element elementor-element-b697eb9 e-con-full e-flex e-con e-child\" data-id=\"b697eb9\" data-element_type=\"container\" data-e-type=\"container\">\n\t\t\t\t<div class=\"elementor-element elementor-element-8856c50 elementor-widget elementor-widget-heading\" data-id=\"8856c50\" data-element_type=\"widget\" data-e-type=\"widget\" data-widget_type=\"heading.default\">\n\t\t\t\t<div class=\"elementor-widget-container\">\n\t\t\t\t\t<h2 class=\"elementor-heading-title elementor-size-default\"><b>Blackout: \u00e0 propos de l'entreprise<\/b><\/h2>\t\t\t\t<\/div>\n\t\t\t\t<\/div>\n\t\t\t\t<\/div>\n\t\t\t\t<\/div>\n\t\t<div class=\"elementor-element elementor-element-0f50a53 e-flex e-con-boxed e-con e-parent\" data-id=\"0f50a53\" data-element_type=\"container\" data-e-type=\"container\">\n\t\t\t\t\t<div class=\"e-con-inner\">\n\t\t<div class=\"elementor-element elementor-element-6db86cd e-con-full e-flex e-con e-child\" data-id=\"6db86cd\" data-element_type=\"container\" data-e-type=\"container\">\n\t\t\t\t<div class=\"elementor-element elementor-element-e0054be elementor-flip-box--effect-flip elementor-flip-box--direction-up elementor-widget elementor-widget-flip-box\" data-id=\"e0054be\" data-element_type=\"widget\" data-e-type=\"widget\" data-widget_type=\"flip-box.default\">\n\t\t\t\t<div class=\"elementor-widget-container\">\n\t\t\t\t\t\t\t<div class=\"elementor-flip-box\" tabindex=\"0\">\n\t\t\t<div class=\"elementor-flip-box__layer elementor-flip-box__front\">\n\t\t\t\t<div class=\"elementor-flip-box__layer__overlay\">\n\t\t\t\t\t<div class=\"elementor-flip-box__layer__inner\">\n\t\t\t\t\t\t\t\t\t\t\t\t\t<div class=\"elementor-icon-wrapper elementor-view-default\">\n\t\t\t\t\t\t\t\t<div class=\"elementor-icon\">\n\t\t\t\t\t\t\t\t\t<i aria-hidden=\"true\" class=\"far fa-building\"><\/i>\t\t\t\t\t\t\t\t<\/div>\n\t\t\t\t\t\t\t<\/div>\n\t\t\t\t\t\t\n\t\t\t\t\t\t\t\t\t\t\t\t\t<h3 class=\"elementor-flip-box__layer__title\">\n\t\t\t\t\t\t\t\tBlackout \u2013 L'entreprise :\t\t\t\t\t\t\t<\/h3>\n\t\t\t\t\t\t\n\t\t\t\t\t\t\t\t\t\t\t<\/div>\n\t\t\t\t<\/div>\n\t\t\t<\/div>\n\t\t\t<div class=\"elementor-flip-box__layer elementor-flip-box__back\">\n\t\t\t<div class=\"elementor-flip-box__layer__overlay\">\n\t\t\t\t<div class=\"elementor-flip-box__layer__inner\">\n\t\t\t\t\t\n\t\t\t\t\t\t\t\t\t\t\t<div class=\"elementor-flip-box__layer__description\">\n\t\t\t\t\t\t\tEntrepreneur pragmatique et avec des ventes en croissance constante, nous nous sommes impos\u00e9s dans l'industrie de l'habillement comme une constante dans le segment de prix moyen. En 2016, lors du changement de nom en BLACKOUT, Jeans Fritz Schweiz AG a poursuivi ses activit\u00e9s avec seulement 32 magasins, mais nous avons d\u00e9j\u00e0 presque tripl\u00e9 le nombre de nos succursales \u00e0 ce jour. Nous sommes synonyme de jeans branch\u00e9s et de v\u00eatements d\u00e9contract\u00e9s, associ\u00e9s \u00e0 un service courtois et visant \u00e0 offrir \u00e0 nos clients une exp\u00e9rience d\u2019achats dans une atmosph\u00e8re de bien-\u00eatre moderne. Notre groupe cible sont les femmes et les hommes qui s'int\u00e9ressent \u00e0 la mode et \u00e0 l\u2019\u00e9l\u00e9gance de leur apparence, appr\u00e9cient des conseils comp\u00e9tents et personnalis\u00e9s et accordent de l\u2019importance \u00e0 un rapport qualit\u00e9-prix \u00e9quilibr\u00e9.\t\t\t\t\t\t<\/div>\n\t\t\t\t\t\n\t\t\t\t\t\t\t\t<\/div>\n\t\t<\/div>\n\t\t<\/div>\n\t\t<\/div>\n\t\t\t\t\t\t<\/div>\n\t\t\t\t<\/div>\n\t\t\t\t<div class=\"elementor-element elementor-element-b69e283 elementor-flip-box--effect-flip elementor-flip-box--direction-up elementor-widget elementor-widget-flip-box\" data-id=\"b69e283\" data-element_type=\"widget\" data-e-type=\"widget\" data-widget_type=\"flip-box.default\">\n\t\t\t\t<div class=\"elementor-widget-container\">\n\t\t\t\t\t\t\t<div class=\"elementor-flip-box\" tabindex=\"0\">\n\t\t\t<div class=\"elementor-flip-box__layer elementor-flip-box__front\">\n\t\t\t\t<div class=\"elementor-flip-box__layer__overlay\">\n\t\t\t\t\t<div class=\"elementor-flip-box__layer__inner\">\n\t\t\t\t\t\t\t\t\t\t\t\t\t<div class=\"elementor-icon-wrapper elementor-view-default\">\n\t\t\t\t\t\t\t\t<div class=\"elementor-icon\">\n\t\t\t\t\t\t\t\t\t<i aria-hidden=\"true\" class=\"fas fa-tshirt\"><\/i>\t\t\t\t\t\t\t\t<\/div>\n\t\t\t\t\t\t\t<\/div>\n\t\t\t\t\t\t\n\t\t\t\t\t\t\t\t\t\t\t\t\t<h3 class=\"elementor-flip-box__layer__title\">\n\t\t\t\t\t\t\t\tLA COLLECTION\t\t\t\t\t\t\t<\/h3>\n\t\t\t\t\t\t\n\t\t\t\t\t\t\t\t\t\t\t<\/div>\n\t\t\t\t<\/div>\n\t\t\t<\/div>\n\t\t\t<div class=\"elementor-flip-box__layer elementor-flip-box__back\">\n\t\t\t<div class=\"elementor-flip-box__layer__overlay\">\n\t\t\t\t<div class=\"elementor-flip-box__layer__inner\">\n\t\t\t\t\t\n\t\t\t\t\t\t\t\t\t\t\t<div class=\"elementor-flip-box__layer__description\">\n\t\t\t\t\t\t\tToujours \u00e0 l'\u00e9coute des demandes et des souhaits de nos clients, notre gamme comprend des collections pour hommes et femmes, renouvel\u00e9es chaque semaine et dont le c\u0153ur de m\u00e9tier est le jean. Des basiques intemporels, des tendances actuelles et des styles saisonniers compl\u00e8tent la gamme et laissent une large place \u00e0 des combinaisons cr\u00e9atives. En mati\u00e8re de qualit\u00e9 et de fabrication, nous attachons une grande importance aux meilleurs r\u00e9sultats avec nos marques de mode Multiblu, Tom Tompson et TOM et garantissons le respect des normes en vigueur. Ces trois marques convainquent par des prix \u00e9quitables.\t\t\t\t\t\t<\/div>\n\t\t\t\t\t\n\t\t\t\t\t\t\t\t<\/div>\n\t\t<\/div>\n\t\t<\/div>\n\t\t<\/div>\n\t\t\t\t\t\t<\/div>\n\t\t\t\t<\/div>\n\t\t\t\t<\/div>\n\t\t<div class=\"elementor-element elementor-element-34e82aa e-con-full e-flex e-con e-child\" data-id=\"34e82aa\" data-element_type=\"container\" data-e-type=\"container\">\n\t\t\t\t<div class=\"elementor-element elementor-element-0128043 elementor-flip-box--effect-flip elementor-flip-box--direction-up elementor-widget elementor-widget-flip-box\" data-id=\"0128043\" data-element_type=\"widget\" data-e-type=\"widget\" data-widget_type=\"flip-box.default\">\n\t\t\t\t<div class=\"elementor-widget-container\">\n\t\t\t\t\t\t\t<div class=\"elementor-flip-box\" tabindex=\"0\">\n\t\t\t<div class=\"elementor-flip-box__layer elementor-flip-box__front\">\n\t\t\t\t<div class=\"elementor-flip-box__layer__overlay\">\n\t\t\t\t\t<div class=\"elementor-flip-box__layer__inner\">\n\t\t\t\t\t\t\t\t\t\t\t\t\t<div class=\"elementor-icon-wrapper elementor-view-default\">\n\t\t\t\t\t\t\t\t<div class=\"elementor-icon\">\n\t\t\t\t\t\t\t\t\t<i aria-hidden=\"true\" class=\"far fa-user\"><\/i>\t\t\t\t\t\t\t\t<\/div>\n\t\t\t\t\t\t\t<\/div>\n\t\t\t\t\t\t\n\t\t\t\t\t\t\t\t\t\t\t\t\t<h3 class=\"elementor-flip-box__layer__title\">\n\t\t\t\t\t\t\t\tLE SERVICE EST NOTRE FORCE\t\t\t\t\t\t\t<\/h3>\n\t\t\t\t\t\t\n\t\t\t\t\t\t\t\t\t\t\t<\/div>\n\t\t\t\t<\/div>\n\t\t\t<\/div>\n\t\t\t<div class=\"elementor-flip-box__layer elementor-flip-box__back\">\n\t\t\t<div class=\"elementor-flip-box__layer__overlay\">\n\t\t\t\t<div class=\"elementor-flip-box__layer__inner\">\n\t\t\t\t\t\n\t\t\t\t\t\t\t\t\t\t\t<div class=\"elementor-flip-box__layer__description\">\n\t\t\t\t\t\t\tTrouver le jean et la tenue parfaitement ajust\u00e9s : gr\u00e2ce \u00e0 notre large choix de tailles, de coupes et de d\u00e9lavages, ce n'est pas un probl\u00e8me chez nous ! Nos \u00e9quipes de vente bien form\u00e9es sont heureuses de fournir \u00e0 tout moment \u00e0 nos clients des conseils experts et personnalis\u00e9s. Si un article souhait\u00e9 n'est pas disponible, un syst\u00e8me moderne de commande vient \u00e0 la rescousse et organise en peu de temps la livraison de la marchandise. De plus, notre boutique en ligne (www.blackout.ch) vous offre une exp\u00e9rience d'achat pratique depuis chez vous, 24 heures sur 24. \t\t\t\t\t\t<\/div>\n\t\t\t\t\t\n\t\t\t\t\t\t\t\t<\/div>\n\t\t<\/div>\n\t\t<\/div>\n\t\t<\/div>\n\t\t\t\t\t\t<\/div>\n\t\t\t\t<\/div>\n\t\t\t\t<div class=\"elementor-element elementor-element-e6f58a0 elementor-flip-box--effect-flip elementor-flip-box--direction-up elementor-widget elementor-widget-flip-box\" data-id=\"e6f58a0\" data-element_type=\"widget\" data-e-type=\"widget\" data-widget_type=\"flip-box.default\">\n\t\t\t\t<div class=\"elementor-widget-container\">\n\t\t\t\t\t\t\t<div class=\"elementor-flip-box\" tabindex=\"0\">\n\t\t\t<div class=\"elementor-flip-box__layer elementor-flip-box__front\">\n\t\t\t\t<div class=\"elementor-flip-box__layer__overlay\">\n\t\t\t\t\t<div class=\"elementor-flip-box__layer__inner\">\n\t\t\t\t\t\t\t\t\t\t\t\t\t<div class=\"elementor-icon-wrapper elementor-view-default\">\n\t\t\t\t\t\t\t\t<div class=\"elementor-icon\">\n\t\t\t\t\t\t\t\t\t<i aria-hidden=\"true\" class=\"fas fa-store\"><\/i>\t\t\t\t\t\t\t\t<\/div>\n\t\t\t\t\t\t\t<\/div>\n\t\t\t\t\t\t\n\t\t\t\t\t\t\t\t\t\t\t\t\t<h3 class=\"elementor-flip-box__layer__title\">\n\t\t\t\t\t\t\t\tLES MAGASINS\t\t\t\t\t\t\t<\/h3>\n\t\t\t\t\t\t\n\t\t\t\t\t\t\t\t\t\t\t<\/div>\n\t\t\t\t<\/div>\n\t\t\t<\/div>\n\t\t\t<div class=\"elementor-flip-box__layer elementor-flip-box__back\">\n\t\t\t<div class=\"elementor-flip-box__layer__overlay\">\n\t\t\t\t<div class=\"elementor-flip-box__layer__inner\">\n\t\t\t\t\t\n\t\t\t\t\t\t\t\t\t\t\t<div class=\"elementor-flip-box__layer__description\">\n\t\t\t\t\t\t\tLa poursuite du d\u00e9veloppement et de l'expansion de notre concept de marque BLACKOUT se refl\u00e8te \u00e9galement dans la modernisation permanente des succursales. Les concepts de magasins haut de gamme, avec leurs vastes surfaces de vente, leurs cabines d'essayage spacieuses et leur pr\u00e9sentation des articles clairement structur\u00e9e et adapt\u00e9e aux groupes cibles, offrent \u00e0 nos clients une exp\u00e9rience d'achat dans une ambiance moderne et conviviale.\t\t\t\t\t\t<\/div>\n\t\t\t\t\t\n\t\t\t\t\t\t\t\t<\/div>\n\t\t<\/div>\n\t\t<\/div>\n\t\t<\/div>\n\t\t\t\t\t\t<\/div>\n\t\t\t\t<\/div>\n\t\t\t\t<\/div>\n\t\t<div class=\"elementor-element elementor-element-dd07db0 e-con-full e-flex e-con e-child\" data-id=\"dd07db0\" data-element_type=\"container\" data-e-type=\"container\">\n\t\t\t\t<div class=\"elementor-element elementor-element-26c8b21 elementor-flip-box--effect-flip elementor-flip-box--direction-up elementor-widget elementor-widget-flip-box\" data-id=\"26c8b21\" data-element_type=\"widget\" data-e-type=\"widget\" data-widget_type=\"flip-box.default\">\n\t\t\t\t<div class=\"elementor-widget-container\">\n\t\t\t\t\t\t\t<div class=\"elementor-flip-box\" tabindex=\"0\">\n\t\t\t<div class=\"elementor-flip-box__layer elementor-flip-box__front\">\n\t\t\t\t<div class=\"elementor-flip-box__layer__overlay\">\n\t\t\t\t\t<div class=\"elementor-flip-box__layer__inner\">\n\t\t\t\t\t\t\t\t\t\t\t\t\t<div class=\"elementor-icon-wrapper elementor-view-default\">\n\t\t\t\t\t\t\t\t<div class=\"elementor-icon\">\n\t\t\t\t\t\t\t\t\t<i aria-hidden=\"true\" class=\"far fa-handshake\"><\/i>\t\t\t\t\t\t\t\t<\/div>\n\t\t\t\t\t\t\t<\/div>\n\t\t\t\t\t\t\n\t\t\t\t\t\t\t\t\t\t\t\t\t<h3 class=\"elementor-flip-box__layer__title\">\n\t\t\t\t\t\t\t\tBLACKOUT - UN PARTENAIRE (IMMOBILIER) DE CONFIANCE\t\t\t\t\t\t\t<\/h3>\n\t\t\t\t\t\t\n\t\t\t\t\t\t\t\t\t\t\t<\/div>\n\t\t\t\t<\/div>\n\t\t\t<\/div>\n\t\t\t<div class=\"elementor-flip-box__layer elementor-flip-box__back\">\n\t\t\t<div class=\"elementor-flip-box__layer__overlay\">\n\t\t\t\t<div class=\"elementor-flip-box__layer__inner\">\n\t\t\t\t\t\n\t\t\t\t\t\t\t\t\t\t\t<div class=\"elementor-flip-box__layer__description\">\n\t\t\t\t\t\t\t<b>Voici ce que nous vous offrons :<\/b><br>- Un partenaire b\u00e9n\u00e9ficiant d'une longue exp\u00e9rience dans le commerce de d\u00e9tail<br>- Une entreprise bien \u00e9tablie avec plus de 90 succursales dans toute la Suisse<br>- Un partenaire comp\u00e9tent et solvable<br>- Un concept d'am\u00e9nagement de magasin et une conception de fa\u00e7ade qui contribuent \u00e0 l'attractivit\u00e9 et \u00e0 la valeur de votre bien immobilier<br>- Des baux \u00e0 long terme<br>- Un loyer conforme au march\u00e9\n\t\t\t\t\t\t<\/div>\n\t\t\t\t\t\n\t\t\t\t\t\t\t\t<\/div>\n\t\t<\/div>\n\t\t<\/div>\n\t\t<\/div>\n\t\t\t\t\t\t<\/div>\n\t\t\t\t<\/div>\n\t\t\t\t<div class=\"elementor-element elementor-element-a6cbbb8 elementor-flip-box--effect-flip elementor-flip-box--direction-up elementor-widget elementor-widget-flip-box\" data-id=\"a6cbbb8\" data-element_type=\"widget\" data-e-type=\"widget\" data-widget_type=\"flip-box.default\">\n\t\t\t\t<div class=\"elementor-widget-container\">\n\t\t\t\t\t\t\t<div class=\"elementor-flip-box\" tabindex=\"0\">\n\t\t\t<div class=\"elementor-flip-box__layer elementor-flip-box__front\">\n\t\t\t\t<div class=\"elementor-flip-box__layer__overlay\">\n\t\t\t\t\t<div class=\"elementor-flip-box__layer__inner\">\n\t\t\t\t\t\t\t\t\t\t\t\t\t<div class=\"elementor-icon-wrapper elementor-view-default\">\n\t\t\t\t\t\t\t\t<div class=\"elementor-icon\">\n\t\t\t\t\t\t\t\t\t<i aria-hidden=\"true\" class=\"fas fa-award\"><\/i>\t\t\t\t\t\t\t\t<\/div>\n\t\t\t\t\t\t\t<\/div>\n\t\t\t\t\t\t\n\t\t\t\t\t\t\t\t\t\t\t\t\t<h3 class=\"elementor-flip-box__layer__title\">\n\t\t\t\t\t\t\t\tBLACKOUT \u2013 UN MOD\u00c8LE DE R\u00c9USSITE\t\t\t\t\t\t\t<\/h3>\n\t\t\t\t\t\t\n\t\t\t\t\t\t\t\t\t\t\t<\/div>\n\t\t\t\t<\/div>\n\t\t\t<\/div>\n\t\t\t<div class=\"elementor-flip-box__layer elementor-flip-box__back\">\n\t\t\t<div class=\"elementor-flip-box__layer__overlay\">\n\t\t\t\t<div class=\"elementor-flip-box__layer__inner\">\n\t\t\t\t\t\n\t\t\t\t\t\t\t\t\t\t\t<div class=\"elementor-flip-box__layer__description\">\n\t\t\t\t\t\t\tQue ce soit dans les centres-villes, les centres commerciaux ou les zones commerciales sp\u00e9cialis\u00e9es, nous sommes devenus un acteur incontournable en tant que fournisseur de jeans et de v\u00eatements d\u00e9contract\u00e9s tendance. Et nous voulons aller plus loin : Dans les villes dont la zone de chalandise est sup\u00e9rieure ou \u00e9gale \u00e0 15 000 ou dans les grands centres commerciaux dont la zone de chalandise est de 30 000 habitants, nous voulons continuer \u00e0 rechercher des localisations attractives pour faire avancer notre concept.\t\t\t\t\t\t<\/div>\n\t\t\t\t\t\n\t\t\t\t\t\t\t\t<\/div>\n\t\t<\/div>\n\t\t<\/div>\n\t\t<\/div>\n\t\t\t\t\t\t<\/div>\n\t\t\t\t<\/div>\n\t\t\t\t<\/div>\n\t\t\t\t\t<\/div>\n\t\t\t\t<\/div>\n\t\t<div class=\"elementor-element elementor-element-0648acf e-flex e-con-boxed e-con e-parent\" data-id=\"0648acf\" data-element_type=\"container\" data-e-type=\"container\">\n\t\t\t\t\t<div class=\"e-con-inner\">\n\t\t\t\t<div class=\"elementor-element elementor-element-d32523e elementor-align-center elementor-widget elementor-widget-button\" data-id=\"d32523e\" data-element_type=\"widget\" data-e-type=\"widget\" data-widget_type=\"button.default\">\n\t\t\t\t<div class=\"elementor-widget-container\">\n\t\t\t\t\t\t\t\t\t<div class=\"elementor-button-wrapper\">\n\t\t\t\t\t<a class=\"elementor-button elementor-button-link elementor-size-sm\" href=\"https:\/\/karriere.blackout.ch\/wp-content\/uploads\/2025\/11\/BO-251106_Expansionsbroschuere_2025.pdf\">\n\t\t\t\t\t\t<span class=\"elementor-button-content-wrapper\">\n\t\t\t\t\t\t<span class=\"elementor-button-icon\">\n\t\t\t\t<i aria-hidden=\"true\" class=\"far fa-file-pdf\"><\/i>\t\t\t<\/span>\n\t\t\t\t\t\t\t\t\t<span class=\"elementor-button-text\">VERS LA BROCHURE DE L'ENTREPRISE<\/span>\n\t\t\t\t\t<\/span>\n\t\t\t\t\t<\/a>\n\t\t\t\t<\/div>\n\t\t\t\t\t\t\t\t<\/div>\n\t\t\t\t<\/div>\n\t\t\t\t\t<\/div>\n\t\t\t\t<\/div>\n\t\t<div class=\"elementor-element elementor-element-20028c0 e-flex e-con-boxed e-con e-parent\" data-id=\"20028c0\" data-element_type=\"container\" data-e-type=\"container\">\n\t\t\t\t\t<div class=\"e-con-inner\">\n\t\t\t\t<div class=\"elementor-element elementor-element-9f327c3 elementor-widget elementor-widget-spacer\" data-id=\"9f327c3\" data-element_type=\"widget\" data-e-type=\"widget\" data-widget_type=\"spacer.default\">\n\t\t\t\t<div class=\"elementor-widget-container\">\n\t\t\t\t\t\t\t<div class=\"elementor-spacer\">\n\t\t\t<div class=\"elementor-spacer-inner\"><\/div>\n\t\t<\/div>\n\t\t\t\t\t\t<\/div>\n\t\t\t\t<\/div>\n\t\t\t\t\t<\/div>\n\t\t\t\t<\/div>\n\t\t<div class=\"elementor-element elementor-element-45f60cf e-con-full no_padding  e-flex e-con e-parent\" data-id=\"45f60cf\" data-element_type=\"container\" data-e-type=\"container\">\n\t\t<div class=\"elementor-element elementor-element-dedbc82 e-con-full e-flex e-con e-child\" data-id=\"dedbc82\" data-element_type=\"container\" data-e-type=\"container\">\n\t\t\t\t<div class=\"elementor-element elementor-element-80b1b63 elementor--h-position-center elementor--v-position-middle elementor-arrows-position-inside elementor-pagination-position-inside elementor-widget elementor-widget-slides\" data-id=\"80b1b63\" data-element_type=\"widget\" data-e-type=\"widget\" data-settings=\"{&quot;navigation&quot;:&quot;both&quot;,&quot;autoplay&quot;:&quot;yes&quot;,&quot;pause_on_hover&quot;:&quot;yes&quot;,&quot;pause_on_interaction&quot;:&quot;yes&quot;,&quot;autoplay_speed&quot;:5000,&quot;infinite&quot;:&quot;yes&quot;,&quot;transition&quot;:&quot;slide&quot;,&quot;transition_speed&quot;:500}\" data-widget_type=\"slides.default\">\n\t\t\t\t<div class=\"elementor-widget-container\">\n\t\t\t\t\t\t\t\t\t<div class=\"elementor-swiper\">\n\t\t\t\t\t<div class=\"elementor-slides-wrapper elementor-main-swiper swiper\" role=\"region\" aria-roledescription=\"carousel\" aria-label=\"Slider\" dir=\"ltr\" data-animation=\"fadeInUp\">\n\t\t\t\t<div class=\"swiper-wrapper elementor-slides\">\n\t\t\t\t\t\t\t\t\t\t<div class=\"elementor-repeater-item-2eb2f58 swiper-slide\" role=\"group\" aria-roledescription=\"slide\"><div class=\"swiper-slide-bg\" role=\"img\" aria-label=\"Unternehmensprofil-Banner_2\"><\/div><div class=\"swiper-slide-inner\" ><div class=\"swiper-slide-contents\"><\/div><\/div><\/div>\t\t\t\t<\/div>\n\t\t\t\t\t\t\t<\/div>\n\t\t\t\t<\/div>\n\t\t\t\t\t\t\t\t<\/div>\n\t\t\t\t<\/div>\n\t\t\t\t<\/div>\n\t\t\t\t<\/div>\n\t\t<div class=\"elementor-element elementor-element-0e2dfea e-con-full start_headline e-flex e-con e-parent\" data-id=\"0e2dfea\" data-element_type=\"container\" data-e-type=\"container\">\n\t\t<div class=\"elementor-element elementor-element-bfb4966 e-con-full e-flex e-con e-child\" data-id=\"bfb4966\" data-element_type=\"container\" data-e-type=\"container\">\n\t\t\t\t<div class=\"elementor-element elementor-element-fc155c9 elementor-widget elementor-widget-heading\" data-id=\"fc155c9\" data-element_type=\"widget\" data-e-type=\"widget\" data-widget_type=\"heading.default\">\n\t\t\t\t<div class=\"elementor-widget-container\">\n\t\t\t\t\t<h2 class=\"elementor-heading-title elementor-size-default\"><b>BLACKOUT - LE PROFIL DE L'ENTREPRISE<\/b><\/h2>\t\t\t\t<\/div>\n\t\t\t\t<\/div>\n\t\t\t\t<\/div>\n\t\t\t\t<\/div>\n\t\t<div class=\"elementor-element elementor-element-5706b02 start_headline e-flex e-con-boxed e-con e-parent\" data-id=\"5706b02\" data-element_type=\"container\" data-e-type=\"container\">\n\t\t\t\t\t<div class=\"e-con-inner\">\n\t\t<div class=\"elementor-element elementor-element-356a533 e-con-full e-flex e-con e-child\" data-id=\"356a533\" data-element_type=\"container\" data-e-type=\"container\">\n\t\t\t\t<div class=\"elementor-element elementor-element-019f22c elementor-widget elementor-widget-text-editor\" data-id=\"019f22c\" data-element_type=\"widget\" data-e-type=\"widget\" data-widget_type=\"text-editor.default\">\n\t\t\t\t<div class=\"elementor-widget-container\">\n\t\t\t\t\t\t\t\t\t<p>Une vari\u00e9t\u00e9 de jeans et de v\u00eatements d\u00e9contract\u00e9s \u00e0 la mode \u00e0 des prix attractifs &#8211; c&rsquo;est BLACKOUT. Dans nos plus de 90 magasins en Suisse, nous offrons \u00e0 nos clients une exp\u00e9rience d&rsquo;achat dans une atmosph\u00e8re moderne. Nous renouvelons r\u00e9guli\u00e8rement notre assortiment avec nos collections pour femmes et pour hommes, actualis\u00e9es chaque semaine. Avec chacune de nos trois marques Multiblu, Tom Tompson et TOM, nous nous concentrons sur une vaste gamme de jeans ainsi que sur les tendances actuelles de la mode et des accessoires dans le segment de prix moyen.<\/p><p>Des normes de qualit\u00e9 \u00e9lev\u00e9es pour les collections, dans lesquelles les questions de durabilit\u00e9 sont de plus en plus pertinentes, associ\u00e9es \u00e0 notre demande de prestations comp\u00e9tentes et orient\u00e9es vers la demande du client, ont fa\u00e7onn\u00e9 notre philosophie d\u00e8s le d\u00e9but et continueront de le faire \u00e0 l&rsquo;avenir.<\/p><p>En tant qu&rsquo;entreprise, nous pouvons nous pr\u00e9valoir d&rsquo;un d\u00e9veloppement r\u00e9ussi et sommes toujours sur la voie de la croissance. Nous avons d\u00e9marr\u00e9 en 2016 avec 32 succursales et avons d\u00e9j\u00e0 presque tripl\u00e9 ce nombre, qui s&rsquo;\u00e9l\u00e8ve actuellement \u00e0 plus de 90.<\/p><p>Nous employons actuellement plus de 380 collaboratrices et collaborateurs dans le domaine de la vente.<\/p><p>La direction de BLACKOUT, Jeans Fritz Schweiz AG se trouve entre les mains de Jasmin M\u00fcller et Willi Kissling depuis 2021<\/p>\t\t\t\t\t\t\t\t<\/div>\n\t\t\t\t<\/div>\n\t\t\t\t<\/div>\n\t\t\t\t\t<\/div>\n\t\t\t\t<\/div>\n\t\t<div class=\"elementor-element elementor-element-9d47755 e-con-full bewerbung e-flex e-con e-parent\" data-id=\"9d47755\" data-element_type=\"container\" data-e-type=\"container\" data-settings=\"{&quot;background_background&quot;:&quot;classic&quot;}\">\n\t\t<div class=\"elementor-element elementor-element-c0396eb custom_padding e-con-full e-flex e-con e-child\" data-id=\"c0396eb\" data-element_type=\"container\" data-e-type=\"container\">\n\t\t\t\t<div class=\"elementor-element elementor-element-6823686 elementor-widget elementor-widget-heading\" data-id=\"6823686\" data-element_type=\"widget\" data-e-type=\"widget\" data-widget_type=\"heading.default\">\n\t\t\t\t<div class=\"elementor-widget-container\">\n\t\t\t\t\t<h2 class=\"elementor-heading-title elementor-size-default\">NOUS VOUS AIDONS \u00c0 POSTULER<\/h2>\t\t\t\t<\/div>\n\t\t\t\t<\/div>\n\t\t\t\t<div class=\"elementor-element elementor-element-f32ae4b primary-button elementor-align-left elementor-widget elementor-widget-button\" data-id=\"f32ae4b\" data-element_type=\"widget\" data-e-type=\"widget\" data-widget_type=\"button.default\">\n\t\t\t\t<div class=\"elementor-widget-container\">\n\t\t\t\t\t\t\t\t\t<div class=\"elementor-button-wrapper\">\n\t\t\t\t\t<a class=\"elementor-button elementor-button-link elementor-size-sm\" href=\"https:\/\/karriere.blackout.ch\/fr\/conseils-pour-le-depot-de-votre-candidature\/\">\n\t\t\t\t\t\t<span class=\"elementor-button-content-wrapper\">\n\t\t\t\t\t\t\t\t\t<span class=\"elementor-button-text\">CONSEILS POUR POSTULER<\/span>\n\t\t\t\t\t<\/span>\n\t\t\t\t\t<\/a>\n\t\t\t\t<\/div>\n\t\t\t\t\t\t\t\t<\/div>\n\t\t\t\t<\/div>\n\t\t\t\t<\/div>\n\t\t<div class=\"elementor-element elementor-element-42b4afb e-con-full e-flex e-con e-child\" data-id=\"42b4afb\" data-element_type=\"container\" data-e-type=\"container\">\n\t\t\t\t<\/div>\n\t\t\t\t<\/div>\n\t\t<div class=\"elementor-element elementor-element-a2c1282 text_center e-flex e-con-boxed e-con e-parent\" data-id=\"a2c1282\" data-element_type=\"container\" data-e-type=\"container\">\n\t\t\t\t\t<div class=\"e-con-inner\">\n\t\t<div class=\"elementor-element elementor-element-c5f8e64 e-con-full e-flex e-con e-child\" data-id=\"c5f8e64\" data-element_type=\"container\" data-e-type=\"container\">\n\t\t\t\t<div class=\"elementor-element elementor-element-ff41bb3 elementor-widget elementor-widget-heading\" data-id=\"ff41bb3\" data-element_type=\"widget\" data-e-type=\"widget\" data-widget_type=\"heading.default\">\n\t\t\t\t<div class=\"elementor-widget-container\">\n\t\t\t\t\t<h3 class=\"elementor-heading-title elementor-size-default\">AVEZ-VOUS ENCORE DES QUESTIONS?<\/h3>\t\t\t\t<\/div>\n\t\t\t\t<\/div>\n\t\t\t\t<div class=\"elementor-element elementor-element-0882266 elementor-widget elementor-widget-text-editor\" data-id=\"0882266\" data-element_type=\"widget\" data-e-type=\"widget\" data-widget_type=\"text-editor.default\">\n\t\t\t\t<div class=\"elementor-widget-container\">\n\t\t\t\t\t\t\t\t\t<p class=\"MsoNormal\" style=\"margin-bottom: 19.2pt; line-height: normal; background-image: initial; background-position: initial; background-size: initial; background-repeat: initial; background-attachment: initial; background-origin: initial; background-clip: initial;\" align=\"center\"><span style=\"font-size: 13.0pt; font-family: Roboto; mso-fareast-font-family: 'Times New Roman'; mso-bidi-font-family: Arial; color: black; mso-color-alt: windowtext; mso-fareast-language: DE;\">Notre <\/span><span style=\"color: black; mso-color-alt: windowtext;\"><a href=\"https:\/\/karriere.blackout.ch\/fr\/contact\/\"><span style=\"font-size: 13.0pt; font-family: Roboto; mso-fareast-font-family: 'Times New Roman'; mso-bidi-font-family: Arial; color: #b5100e; text-transform: uppercase; mso-fareast-language: DE;\">FORMULAIRE DE CONTACT <\/span><\/a><\/span> peut vous aider \u00e0 y r\u00e9pondre rapidement !<\/p><p class=\"MsoNormal\" style=\"margin-bottom: 19.2pt; line-height: normal; background-image: initial; background-position: initial; background-size: initial; background-repeat: initial; background-attachment: initial; background-origin: initial; background-clip: initial;\" align=\"center\"><span style=\"font-size: 13.0pt; font-family: Roboto; mso-fareast-font-family: 'Times New Roman'; mso-bidi-font-family: Arial; color: black; mso-color-alt: windowtext; mso-fareast-language: DE;\">Des jeans et des v\u00eatements d\u00e9contract\u00e9s tendance \u00e0 des prix attractifs : voil\u00e0 ce que nous sommes, BLACKOUT. Avec plus de 90 magasins en Suisse, nous avons la comp\u00e9tence n\u00e9cessaire pour offrir \u00e0 nos apprentis une bonne base et les conditions requises pour un d\u00e9marrage optimal dans la vie professionnelle. Nous avons suscit\u00e9 votre int\u00e9r\u00eat ?<br \/><\/span><\/p>\t\t\t\t\t\t\t\t<\/div>\n\t\t\t\t<\/div>\n\t\t\t\t<\/div>\n\t\t\t\t\t<\/div>\n\t\t\t\t<\/div>\n\t\t<div class=\"elementor-element elementor-element-e1763a0 e-flex e-con-boxed e-con e-parent\" data-id=\"e1763a0\" data-element_type=\"container\" data-e-type=\"container\">\n\t\t\t\t\t<div class=\"e-con-inner\">\n\t\t<div class=\"elementor-element elementor-element-988388e e-flex e-con-boxed e-con e-child\" data-id=\"988388e\" data-element_type=\"container\" data-e-type=\"container\">\n\t\t\t\t\t<div class=\"e-con-inner\">\n\t\t\t\t<div class=\"elementor-element elementor-element-b43cab2 elementor-headline--style-highlight elementor-widget elementor-widget-animated-headline\" data-id=\"b43cab2\" data-element_type=\"widget\" data-e-type=\"widget\" data-settings=\"{&quot;marker&quot;:&quot;underline_zigzag&quot;,&quot;highlighted_text&quot;:&quot;Candidature&quot;,&quot;headline_style&quot;:&quot;highlight&quot;,&quot;loop&quot;:&quot;yes&quot;,&quot;highlight_animation_duration&quot;:1200,&quot;highlight_iteration_delay&quot;:8000}\" data-widget_type=\"animated-headline.default\">\n\t\t\t\t<div class=\"elementor-widget-container\">\n\t\t\t\t\t\t\t<h3 class=\"elementor-headline\">\n\t\t\t\t\t<span class=\"elementor-headline-plain-text elementor-headline-text-wrapper\">Alors nous nous r\u00e9jouissons d'avance d'une<\/span>\n\t\t\t\t<span class=\"elementor-headline-dynamic-wrapper elementor-headline-text-wrapper\">\n\t\t\t\t\t<span class=\"elementor-headline-dynamic-text elementor-headline-text-active\">Candidature<\/span>\n\t\t\t\t<\/span>\n\t\t\t\t<\/h3>\n\t\t\t\t\t\t<\/div>\n\t\t\t\t<\/div>\n\t\t\t\t\t<\/div>\n\t\t\t\t<\/div>\n\t\t\t\t\t<\/div>\n\t\t\t\t<\/div>\n\t\t\t\t<\/div>\n\t\t","protected":false},"excerpt":{"rendered":"<p>Blackout: \u00e0 propos de l&rsquo;entreprise Blackout \u2013 L&rsquo;entreprise : Entrepreneur pragmatique et avec des ventes en croissance constante, nous nous sommes impos\u00e9s dans l&rsquo;industrie de l&rsquo;habillement comme une constante dans le segment de prix moyen. En 2016, lors du changement de nom en BLACKOUT, Jeans Fritz Schweiz AG a poursuivi ses activit\u00e9s avec seulement 32 [&hellip;]<\/p>\n","protected":false},"author":1,"featured_media":0,"parent":0,"menu_order":0,"comment_status":"closed","ping_status":"closed","template":"","meta":{"site-sidebar-layout":"no-sidebar","site-content-layout":"page-builder","ast-site-content-layout":"default","site-content-style":"default","site-sidebar-style":"default","ast-global-header-display":"","ast-banner-title-visibility":"","ast-main-header-display":"","ast-hfb-above-header-display":"","ast-hfb-below-header-display":"","ast-hfb-mobile-header-display":"","site-post-title":"disabled","ast-breadcrumbs-content":"","ast-featured-img":"disabled","footer-sml-layout":"","ast-disable-related-posts":"","theme-transparent-header-meta":"","adv-header-id-meta":"","stick-header-meta":"","header-above-stick-meta":"","header-main-stick-meta":"","header-below-stick-meta":"","astra-migrate-meta-layouts":"default","ast-page-background-enabled":"default","ast-page-background-meta":{"desktop":{"background-color":"var(--ast-global-color-4)","background-image":"","background-repeat":"repeat","background-position":"center center","background-size":"auto","background-attachment":"scroll","background-type":"","background-media":"","overlay-type":"","overlay-color":"","overlay-opacity":"","overlay-gradient":""},"tablet":{"background-color":"","background-image":"","background-repeat":"repeat","background-position":"center center","background-size":"auto","background-attachment":"scroll","background-type":"","background-media":"","overlay-type":"","overlay-color":"","overlay-opacity":"","overlay-gradient":""},"mobile":{"background-color":"","background-image":"","background-repeat":"repeat","background-position":"center center","background-size":"auto","background-attachment":"scroll","background-type":"","background-media":"","overlay-type":"","overlay-color":"","overlay-opacity":"","overlay-gradient":""}},"ast-content-background-meta":{"desktop":{"background-color":"var(--ast-global-color-5)","background-image":"","background-repeat":"repeat","background-position":"center center","background-size":"auto","background-attachment":"scroll","background-type":"","background-media":"","overlay-type":"","overlay-color":"","overlay-opacity":"","overlay-gradient":""},"tablet":{"background-color":"var(--ast-global-color-5)","background-image":"","background-repeat":"repeat","background-position":"center center","background-size":"auto","background-attachment":"scroll","background-type":"","background-media":"","overlay-type":"","overlay-color":"","overlay-opacity":"","overlay-gradient":""},"mobile":{"background-color":"var(--ast-global-color-5)","background-image":"","background-repeat":"repeat","background-position":"center center","background-size":"auto","background-attachment":"scroll","background-type":"","background-media":"","overlay-type":"","overlay-color":"","overlay-opacity":"","overlay-gradient":""}},"footnotes":""},"class_list":["post-3037","page","type-page","status-publish","hentry"],"yoast_head":"<!-- This site is optimized with the Yoast SEO plugin v27.3 - https:\/\/yoast.com\/product\/yoast-seo-wordpress\/ -->\n<title>Entreprise -<\/title>\n<meta name=\"robots\" content=\"index, follow, max-snippet:-1, max-image-preview:large, max-video-preview:-1\" \/>\n<link rel=\"canonical\" href=\"https:\/\/karriere.blackout.ch\/fr\/entreprise\/\" \/>\n<meta property=\"og:locale\" content=\"fr_FR\" \/>\n<meta property=\"og:type\" content=\"article\" \/>\n<meta property=\"og:title\" content=\"Entreprise -\" \/>\n<meta property=\"og:description\" content=\"Blackout: \u00e0 propos de l&rsquo;entreprise Blackout \u2013 L&rsquo;entreprise : Entrepreneur pragmatique et avec des ventes en croissance constante, nous nous sommes impos\u00e9s dans l&rsquo;industrie de l&rsquo;habillement comme une constante dans le segment de prix moyen. En 2016, lors du changement de nom en BLACKOUT, Jeans Fritz Schweiz AG a poursuivi ses activit\u00e9s avec seulement 32 [&hellip;]\" \/>\n<meta property=\"og:url\" content=\"https:\/\/karriere.blackout.ch\/fr\/entreprise\/\" \/>\n<meta property=\"article:modified_time\" content=\"2026-02-03T07:21:35+00:00\" \/>\n<meta name=\"twitter:card\" content=\"summary_large_image\" \/>\n<meta name=\"twitter:label1\" content=\"Dur\u00e9e de lecture estim\u00e9e\" \/>\n\t<meta name=\"twitter:data1\" content=\"5 minutes\" \/>\n<script type=\"application\/ld+json\" class=\"yoast-schema-graph\">{\"@context\":\"https:\\\/\\\/schema.org\",\"@graph\":[{\"@type\":\"WebPage\",\"@id\":\"https:\\\/\\\/karriere.blackout.ch\\\/fr\\\/entreprise\\\/\",\"url\":\"https:\\\/\\\/karriere.blackout.ch\\\/fr\\\/entreprise\\\/\",\"name\":\"Entreprise -\",\"isPartOf\":{\"@id\":\"https:\\\/\\\/karriere.blackout.ch\\\/fr\\\/#website\"},\"datePublished\":\"2022-07-27T10:39:34+00:00\",\"dateModified\":\"2026-02-03T07:21:35+00:00\",\"breadcrumb\":{\"@id\":\"https:\\\/\\\/karriere.blackout.ch\\\/fr\\\/entreprise\\\/#breadcrumb\"},\"inLanguage\":\"fr-FR\",\"potentialAction\":[{\"@type\":\"ReadAction\",\"target\":[\"https:\\\/\\\/karriere.blackout.ch\\\/fr\\\/entreprise\\\/\"]}]},{\"@type\":\"BreadcrumbList\",\"@id\":\"https:\\\/\\\/karriere.blackout.ch\\\/fr\\\/entreprise\\\/#breadcrumb\",\"itemListElement\":[{\"@type\":\"ListItem\",\"position\":1,\"name\":\"Startseite\",\"item\":\"https:\\\/\\\/karriere.blackout.ch\\\/fr\\\/\"},{\"@type\":\"ListItem\",\"position\":2,\"name\":\"Entreprise\"}]},{\"@type\":\"WebSite\",\"@id\":\"https:\\\/\\\/karriere.blackout.ch\\\/fr\\\/#website\",\"url\":\"https:\\\/\\\/karriere.blackout.ch\\\/fr\\\/\",\"name\":\"Blackout Karriereseite\",\"description\":\"\",\"publisher\":{\"@id\":\"https:\\\/\\\/karriere.blackout.ch\\\/fr\\\/#organization\"},\"potentialAction\":[{\"@type\":\"SearchAction\",\"target\":{\"@type\":\"EntryPoint\",\"urlTemplate\":\"https:\\\/\\\/karriere.blackout.ch\\\/fr\\\/?s={search_term_string}\"},\"query-input\":{\"@type\":\"PropertyValueSpecification\",\"valueRequired\":true,\"valueName\":\"search_term_string\"}}],\"inLanguage\":\"fr-FR\"},{\"@type\":\"Organization\",\"@id\":\"https:\\\/\\\/karriere.blackout.ch\\\/fr\\\/#organization\",\"name\":\"BLACKOUT\",\"url\":\"https:\\\/\\\/karriere.blackout.ch\\\/fr\\\/\",\"logo\":{\"@type\":\"ImageObject\",\"inLanguage\":\"fr-FR\",\"@id\":\"https:\\\/\\\/karriere.blackout.ch\\\/fr\\\/#\\\/schema\\\/logo\\\/image\\\/\",\"url\":\"https:\\\/\\\/karriere.blackout.ch\\\/wp-content\\\/uploads\\\/2022\\\/11\\\/cropped-blackout-logo-neu.png\",\"contentUrl\":\"https:\\\/\\\/karriere.blackout.ch\\\/wp-content\\\/uploads\\\/2022\\\/11\\\/cropped-blackout-logo-neu.png\",\"width\":423,\"height\":99,\"caption\":\"BLACKOUT\"},\"image\":{\"@id\":\"https:\\\/\\\/karriere.blackout.ch\\\/fr\\\/#\\\/schema\\\/logo\\\/image\\\/\"}}]}<\/script>\n<!-- \/ Yoast SEO plugin. -->","yoast_head_json":{"title":"Entreprise -","robots":{"index":"index","follow":"follow","max-snippet":"max-snippet:-1","max-image-preview":"max-image-preview:large","max-video-preview":"max-video-preview:-1"},"canonical":"https:\/\/karriere.blackout.ch\/fr\/entreprise\/","og_locale":"fr_FR","og_type":"article","og_title":"Entreprise -","og_description":"Blackout: \u00e0 propos de l&rsquo;entreprise Blackout \u2013 L&rsquo;entreprise : Entrepreneur pragmatique et avec des ventes en croissance constante, nous nous sommes impos\u00e9s dans l&rsquo;industrie de l&rsquo;habillement comme une constante dans le segment de prix moyen. En 2016, lors du changement de nom en BLACKOUT, Jeans Fritz Schweiz AG a poursuivi ses activit\u00e9s avec seulement 32 [&hellip;]","og_url":"https:\/\/karriere.blackout.ch\/fr\/entreprise\/","article_modified_time":"2026-02-03T07:21:35+00:00","twitter_card":"summary_large_image","twitter_misc":{"Dur\u00e9e de lecture estim\u00e9e":"5 minutes"},"schema":{"@context":"https:\/\/schema.org","@graph":[{"@type":"WebPage","@id":"https:\/\/karriere.blackout.ch\/fr\/entreprise\/","url":"https:\/\/karriere.blackout.ch\/fr\/entreprise\/","name":"Entreprise -","isPartOf":{"@id":"https:\/\/karriere.blackout.ch\/fr\/#website"},"datePublished":"2022-07-27T10:39:34+00:00","dateModified":"2026-02-03T07:21:35+00:00","breadcrumb":{"@id":"https:\/\/karriere.blackout.ch\/fr\/entreprise\/#breadcrumb"},"inLanguage":"fr-FR","potentialAction":[{"@type":"ReadAction","target":["https:\/\/karriere.blackout.ch\/fr\/entreprise\/"]}]},{"@type":"BreadcrumbList","@id":"https:\/\/karriere.blackout.ch\/fr\/entreprise\/#breadcrumb","itemListElement":[{"@type":"ListItem","position":1,"name":"Startseite","item":"https:\/\/karriere.blackout.ch\/fr\/"},{"@type":"ListItem","position":2,"name":"Entreprise"}]},{"@type":"WebSite","@id":"https:\/\/karriere.blackout.ch\/fr\/#website","url":"https:\/\/karriere.blackout.ch\/fr\/","name":"Blackout Karriereseite","description":"","publisher":{"@id":"https:\/\/karriere.blackout.ch\/fr\/#organization"},"potentialAction":[{"@type":"SearchAction","target":{"@type":"EntryPoint","urlTemplate":"https:\/\/karriere.blackout.ch\/fr\/?s={search_term_string}"},"query-input":{"@type":"PropertyValueSpecification","valueRequired":true,"valueName":"search_term_string"}}],"inLanguage":"fr-FR"},{"@type":"Organization","@id":"https:\/\/karriere.blackout.ch\/fr\/#organization","name":"BLACKOUT","url":"https:\/\/karriere.blackout.ch\/fr\/","logo":{"@type":"ImageObject","inLanguage":"fr-FR","@id":"https:\/\/karriere.blackout.ch\/fr\/#\/schema\/logo\/image\/","url":"https:\/\/karriere.blackout.ch\/wp-content\/uploads\/2022\/11\/cropped-blackout-logo-neu.png","contentUrl":"https:\/\/karriere.blackout.ch\/wp-content\/uploads\/2022\/11\/cropped-blackout-logo-neu.png","width":423,"height":99,"caption":"BLACKOUT"},"image":{"@id":"https:\/\/karriere.blackout.ch\/fr\/#\/schema\/logo\/image\/"}}]}},"_links":{"self":[{"href":"https:\/\/karriere.blackout.ch\/fr\/wp-json\/wp\/v2\/pages\/3037","targetHints":{"allow":["GET"]}}],"collection":[{"href":"https:\/\/karriere.blackout.ch\/fr\/wp-json\/wp\/v2\/pages"}],"about":[{"href":"https:\/\/karriere.blackout.ch\/fr\/wp-json\/wp\/v2\/types\/page"}],"author":[{"embeddable":true,"href":"https:\/\/karriere.blackout.ch\/fr\/wp-json\/wp\/v2\/users\/1"}],"replies":[{"embeddable":true,"href":"https:\/\/karriere.blackout.ch\/fr\/wp-json\/wp\/v2\/comments?post=3037"}],"version-history":[{"count":29,"href":"https:\/\/karriere.blackout.ch\/fr\/wp-json\/wp\/v2\/pages\/3037\/revisions"}],"predecessor-version":[{"id":8883,"href":"https:\/\/karriere.blackout.ch\/fr\/wp-json\/wp\/v2\/pages\/3037\/revisions\/8883"}],"wp:attachment":[{"href":"https:\/\/karriere.blackout.ch\/fr\/wp-json\/wp\/v2\/media?parent=3037"}],"curies":[{"name":"wp","href":"https:\/\/api.w.org\/{rel}","templated":true}]}}